{"id":3271,"date":"2021-03-12T10:18:36","date_gmt":"2021-03-12T09:18:36","guid":{"rendered":"https:\/\/staging.avixi.be\/?page_id=3271"},"modified":"2022-07-25T16:40:13","modified_gmt":"2022-07-25T14:40:13","slug":"crise-de-corona-mesures-daide-2021","status":"publish","type":"page","link":"https:\/\/staging.avixi.be\/fr\/corona\/crise-de-corona-mesures-daide-2021\/","title":{"rendered":"Crise de corona: mesures d\u2019aide 2021"},"content":{"rendered":"<div class=\"fusion-fullwidth fullwidth-box fusion-builder-row-1 fusion-flex-container nonhundred-percent-fullwidth non-hundred-percent-height-scrolling\" style=\"--awb-border-radius-top-left:0px;--awb-border-radius-top-right:0px;--awb-border-radius-bottom-right:0px;--awb-border-radius-bottom-left:0px;--awb-flex-wrap:wrap;\" ><div class=\"fusion-builder-row fusion-row fusion-flex-align-items-flex-start fusion-flex-content-wrap\" style=\"max-width:1560px;margin-left: calc(-4% \/ 2 );margin-right: calc(-4% \/ 2 );\"><div class=\"fusion-layout-column fusion_builder_column fusion-builder-column-0 fusion_builder_column_3_4 3_4 fusion-flex-column\" style=\"--awb-bg-size:cover;--awb-width-large:75%;--awb-margin-top-large:0px;--awb-spacing-right-large:2.56%;--awb-margin-bottom-large:20px;--awb-spacing-left-large:2.56%;--awb-width-medium:75%;--awb-order-medium:0;--awb-spacing-right-medium:2.56%;--awb-spacing-left-medium:2.56%;--awb-width-small:100%;--awb-order-small:0;--awb-spacing-right-small:1.92%;--awb-spacing-left-small:1.92%;\"><div class=\"fusion-column-wrapper fusion-column-has-shadow fusion-flex-justify-content-flex-start fusion-content-layout-column\"><nav class=\"fusion-breadcrumbs fusion-breadcrumbs-1\" style=\"--awb-breadcrumb-sep:&#039;\/&#039;;\" aria-label=\"Breadcrumb\"><ol class=\"awb-breadcrumb-list\"><li class=\"fusion-breadcrumb-item awb-breadcrumb-sep awb-home\" ><a href=\"https:\/\/staging.avixi.be\/fr\/\" class=\"fusion-breadcrumb-link\"><span >Home<\/span><\/a><\/li><\/ol><\/nav><div class=\"fusion-text fusion-text-1\"><h1 class=\"fusion-responsive-typography-calculated\" style=\"--fontsize: 36; line-height: 1.16; --minfontsize: 36; --fontSize:36; --minFontSize:36;\" data-fontsize=\"36\" data-lineheight=\"41.76px\">Crise de Corona: mesures d&rsquo;aide 2021<\/h1>\n<hr>\n<p>Vous trouverez ici des informations sur les mesures de soutien en 2021 pour les ind\u00e9pendants touch\u00e9 par le Corona.<\/p>\n<ol>\n<li>Prime unique<\/li>\n<li>Le droit passerelle de crise interruption forc\u00e9e<\/li>\n<li>Le droit passerelle de crise baisse du chiffre d\u2019affaires<\/li>\n<li>Le droit passerelle de crise quarantaine\/soins apport\u00e9s \u00e0 un enfant<\/li>\n<li>Le droit passerelle classique<\/li>\n<li>Report pour le paiement des cotisations sociales<\/li>\n<li>Dispense de cotisations<\/li>\n<li>R\u00e9duction de cotisations<\/li>\n<\/ol>\n<h2 class=\"fusion-responsive-typography-calculated\" style=\"--fontsize: 28; line-height: 1.2; --minfontsize: 28; --fontSize:28; --minFontSize:28;\" data-fontsize=\"28\" data-lineheight=\"33.6px\">1. Prime unique<\/h2>\n<h3 class=\"fusion-responsive-typography-calculated\" style=\"--fontsize: 20; line-height: 1.2; --minfontsize: 20; --fontSize:20; --minFontSize:20;\" data-fontsize=\"20\" data-lineheight=\"24px\">Qui peut b\u00e9n\u00e9ficier?<\/h3>\n<ul>\n<li>les ind\u00e9pendants et aidants en activit\u00e9 principale<\/li>\n<li>les conjoints aidants adh\u00e9rant au maxi-statut<\/li>\n<li>les \u00e9tudiants-ind\u00e9pendants, qui paient des cotisations identiques \u00e0 celles des ind\u00e9pendants en activit\u00e9 principale<\/li>\n<\/ul>\n<p>Pour pouvoir b\u00e9n\u00e9ficier de cette prime, l\u2019ind\u00e9pendant devra avoir b\u00e9n\u00e9fici\u00e9 d\u2019au moins 6 prestations mensuelles de droit de passerelle au cours de la p\u00e9riode allant du 1er octobre 2020 au 30 avril 2021. Ces mois ne devraient pas n\u00e9cessairement \u00eatre cons\u00e9cutifs.<\/p>\n<p>Il s\u2019agit donc des revenus suivants :<\/p>\n<ul>\n<li>le droit de passerelle simple et interruption forc\u00e9e double<\/li>\n<li>le droit de passerelle soutien \u00e0 la reprise (prestation de relance)<\/li>\n<li>le droit de passerelle baisse du chiffre d\u2019affaires<\/li>\n<\/ul>\n<p>Les prestations suivantes ne sont pas prises en compte:<\/p>\n<ul>\n<li>la prestation du droit passerelle de crise pour quarantaine<\/li>\n<li>la prestation du droit passerelle de crise pour interruption d\u2019activit\u00e9 en cas de garde d\u2019un enfant<\/li>\n<li>la prestation du droit passerelle classique<\/li>\n<li>toute prestation ind\u00fbment per\u00e7ue qui est r\u00e9clam\u00e9e<\/li>\n<\/ul>\n<h3 class=\"fusion-responsive-typography-calculated\" style=\"--fontsize: 20; line-height: 1.2; --minfontsize: 20; --fontSize:20; --minFontSize:20;\" data-fontsize=\"20\" data-lineheight=\"24px\">A quel montant s\u2019\u00e9l\u00e8ve la prime?<\/h3>\n<p>Le montant brut de cette prime unique s\u2019\u00e9l\u00e8ve \u00e0 598,80 euros. Cette prime sera tax\u00e9e \u00e0 16,5%, sauf si le taux global est plus avantageux. En cas de taxation \u00e0 16,5%, vous aurez donc un montant net de 500 euros.<\/p>\n<p>Cette prime est assimil\u00e9e \u00e0 une allocation du droit passerelle. Elle ne compte pas pour l\u2019application du plafond cumulatif et n\u2019affecte pas non plus vos autres allocations sociaux.<\/p>\n<h3 class=\"fusion-responsive-typography-calculated\" style=\"--fontsize: 20; line-height: 1.2; --minfontsize: 20; --fontSize:20; --minFontSize:20;\" data-fontsize=\"20\" data-lineheight=\"24px\">Demande<\/h3>\n<p>Vous ne devez entreprendre aucune d\u00e9marche. Apr\u00e8s v\u00e9rification des conditions d\u2019octroi, votre caisse d\u2019assurance sociales avixi proc\u00e9dera au paiement au plus tard le 30 septembre 2021.<\/p>\n<h2 class=\"fusion-responsive-typography-calculated\" style=\"--fontsize: 28; line-height: 1.2; --minfontsize: 28; --fontSize:28; --minFontSize:28;\" data-fontsize=\"28\" data-lineheight=\"33.6px\">2. Le droit passerelle de crise interruption forc\u00e9e<\/h2>\n<p>Cette mesure de soutien est prolong\u00e9e jusqu&rsquo;au 31 mars 2022 pour les travailleurs ind\u00e9pendants directement touch\u00e9s par les mesures de fermeture obligatoire. Les travailleurs ind\u00e9pendants dont l\u2019activit\u00e9 est principalement d\u00e9pendante de celle de travailleurs ind\u00e9pendants vis\u00e9s par les mesures de fermeture n\u2019entrent pas en consid\u00e9ration.<\/p>\n<p>Les travailleurs ind\u00e9pendants qui poursuivent partiellement leurs activit\u00e9s ind\u00e9pendantes sous la forme d\u2019un take-away ou d\u2019un click&amp;collect ne peuvent pas b\u00e9n\u00e9ficier.<\/p>\n<p>Le montant de la prestation d\u00e9pend de la dur\u00e9e de la fermeture forc\u00e9e.<br \/>\n&#8211; Les ind\u00e9pendants qui sont contraints de fermer leur activit\u00e9 pendant au moins 15 jours civils cons\u00e9cutifs par mois recevront un double prestation.<br \/>\n&#8211; Les ind\u00e9pendants, qui sont contraints de fermer leur activit\u00e9 pendant moins de 15 jours civils cons\u00e9cutifs par mois, b\u00e9n\u00e9ficient la prestation simple.<\/p>\n<p>Pour le mois de novembre 2021, en tant qu\u2019exploitant d\u2019une discoth\u00e8que ou d\u2019une salle de danse, vous pouvez compter sur la moiti\u00e9 du paiement simple du droit passerelle de crise parce que vous avez \u00e9t\u00e9 oblig\u00e9 de fermer pendant moins de 15 jours au cours de ce mois.  &#8211; Ne s&rsquo;applique plus depuis le 30\/06\/2022.<\/p>\n<p>Pour le mois de d\u00e9cembre, seuls les les discoth\u00e8ques, les salles de danse, les plaines de jeux \u00e0 l\u2019int\u00e9rieur et les organisateurs de grands <span style=\"background-color: rgba(255, 255, 255, 0); color: var(--body_typography-color); font-family: var(--body_typography-font-family); font-size: var(--body_typography-font-size); font-style: var(--body_typography-font-style,normal); font-weight: var(--body_typography-font-weight); letter-spacing: var(--body_typography-letter-spacing);\">\u00e9venements ont droit \u00e0 cette prestation. Attention: seuls les organisateurs de grands \u00e9v\u00e8nements qui annulent leurs \u00e9v\u00e8nements en raison <\/span><span style=\"background-color: rgba(255, 255, 255, 0); color: var(--body_typography-color); font-family: var(--body_typography-font-family); font-size: var(--body_typography-font-size); font-style: var(--body_typography-font-style,normal); font-weight: var(--body_typography-font-weight); letter-spacing: var(--body_typography-letter-spacing);\">du fait que seulement 200 personnes peuvent \u00eatre pr\u00e9sentes en m\u00eame temps sont \u00e9ligibles. Les travailleurs ind\u00e9pendants qui se consid\u00e8rent <\/span><span style=\"background-color: rgba(255, 255, 255, 0); color: var(--body_typography-color); font-family: var(--body_typography-font-family); font-size: var(--body_typography-font-size); font-style: var(--body_typography-font-style,normal); font-weight: var(--body_typography-font-weight); letter-spacing: var(--body_typography-letter-spacing);\">comme d\u00e9pendants de ces \u00e9v\u00e9nements ne sont pas \u00e9ligibles.  <\/span><span style=\"background-color: rgba(255, 255, 255, 0); color: var(--body_typography-color); font-family: var(--body_typography-font-family); font-size: var(--body_typography-font-size); font-style: var(--body_typography-font-style,normal); font-weight: var(--body_typography-font-weight); letter-spacing: var(--body_typography-letter-spacing);\">Ne s&rsquo;applique plus depuis le 30\/06\/2022.<\/span><\/p>\n<\/p>\n<h3 class=\"fusion-responsive-typography-calculated\" style=\"--fontsize: 20; line-height: 1.2; --minfontsize: 20; --fontSize:20; --minFontSize:20;\" data-fontsize=\"20\" data-lineheight=\"24px\">Jusqu&rsquo;en octobre 2021, les conditions suivantes \u00e9taient applicables<\/h3>\n<p>Cette prime peut encore \u00eatre demand\u00e9e :<\/p>\n<p>Avril, mai, juin : avant le 31.12.2021 &#8211; ne s&rsquo;applique plus<br \/>\nJuillet, ao\u00fbt, septembre : avant le 31.03.2022 &#8211; ne s&rsquo;applique plus<\/p>\n<h3 class=\"fusion-responsive-typography-calculated\" style=\"--fontsize: 20; line-height: 1.2; --minfontsize: 20; --fontSize:20; --minFontSize:20;\" data-fontsize=\"20\" data-lineheight=\"24px\">Qui peut b\u00e9n\u00e9ficier le double droit passerelle de crise?<\/h3>\n<ul>\n<li>Les travailleurs ind\u00e9pendants qui sont directement vis\u00e9s par les d\u00e9cisions prises par l\u2019autorit\u00e9 publique et qui doivent pour ces raisons totalement interrompre leurs activit\u00e9s ont droit \u00e0 la double prestation financi\u00e8re dans le cadre de la mesure temporaire de crise de droit passerelle. Ils ne peuvent par ailleurs pas exercer une autre activit\u00e9 ind\u00e9pendante, \u00e0 l\u2019exception du take-away, click&amp;collect, night shops.<\/li>\n<li>Les travailleurs ind\u00e9pendants qui sont d\u00e9pendants des secteurs contraints \u00e0 la fermeture et qui doivent interrompre leurs activit\u00e9s ind\u00e9pendantes totalement ont \u00e9galement le droit \u00e0 la double prestation financi\u00e8re de la mesure temporaire de crise du droit passerelle. Attention : s\u2019ils n\u2019interrompent pas totalement leurs activit\u00e9s ind\u00e9pendantes, ils ne retombent plus sur la prestation \u00ab simple \u00bb dans le cadre de la mesure temporaire de crise du droit passerelle (comme c\u2019\u00e9tait le cas en octobre, novembre et d\u00e9cembre 2020). Ils pourront dans ce cas faire appel au deuxi\u00e8me pilier (baisse du chiffre d\u2019affaires) qui entre en vigueur le 1er janvier 2021.<\/li>\n<li><span lang=\"FR\"><strong>Les magasins non essentiels<\/strong> peuvent poursuivre leurs activit\u00e9s, mais uniquement par le biais d\u2019un syst\u00e8me de rendez-vous, d\u2019un syst\u00e8me syst\u00e8me de click&amp;collect ou d\u2019un syst\u00e8me de livraison. <\/span>La mise en place d\u2019un syst\u00e8me de rendez-vous constitue un obstacle \u00e0 l\u2019octroi de la double prestation financi\u00e8re. Concr\u00e8tement, cela signifie que:\n<ul>\n<li><span lang=\"FR\">Pour <\/span>le mois de mars : le travailleur ind\u00e9pendant avec un magasin non essentiel qui a d\u00e9j\u00e0 mis en place un syst\u00e8me de rendez-vous \u00e0 partir du 27 mars n\u2019est pas \u00e9ligible \u00e0 la double prestation financi\u00e8re mais peut b\u00e9n\u00e9ficier de droit passerelle (chute du chiffre d\u2019affaires de 40%).<\/li>\n<li>Pour le mois d\u2019avril : si le magasin non-essentiel reste ouvert entre le 1 avril et le 25 avril avec la mise en place du syst\u00e8me de rendez-vous, le travailleur ind\u00e9pendant concern\u00e9 peut uniquement faire appel au droit passerelle (chute du chiffre d\u2019affaires de 40%).<\/li>\n<\/ul>\n<\/li>\n<li>Pour le mois de mai: les ind\u00e9pendants du secteur de l\u2019horeca, autoris\u00e9s \u00e0 reprendre partiellement leurs activit\u00e9s le 8 mai avec la r\u00e9ouverture des terrasses, auront droit au double droit passerelle pour le mois de mai. M\u00eame avec la lev\u00e9e de l\u2019interdiction des voyages non essentiels \u00e0 compter du 19 avril, les agents de voyage auront toujours droit \u00e0 la double allocation financi\u00e8re pour le mois de mai.<\/li>\n<li>Pour le mois de juin: les agences de voyages et le secteur de l\u2019HoReCa auront droit \u00e0 la double prestation financi\u00e8re pour le mois de juin, en ce compris les restaurants ayant d\u00e9j\u00e0 ouvert leur terrasse ext\u00e9rieure. Les secteurs qui pourront enfin rouvrir le 9 juin, auront aussi droit au double droit passerelle de crise pour le mois de juin.<\/li>\n<li>Pour les mois de juillet et ao\u00fbt: les travailleurs ind\u00e9pendants actifs dans le secteur de l&rsquo;\u00e9v\u00e9nementiel (ex : grands festivals, gestionnaires de salles de concert, etc) et les agences de voyages qui organisent exclusivement des voyages en dehors de l&rsquo;Union europ\u00e9enne et qui sont encore contraintes d&rsquo;interrompre l&rsquo;ensemble de leurs activit\u00e9s peuvent, dans certaines circonstances sp\u00e9cifiques, b\u00e9n\u00e9ficier de la double prestation financi\u00e8re.<\/li>\n<li>A partir du mois d\u2019octobre le droit de passerelle n\u2019est plus d\u2019application vu qu\u2019il n\u2019y a plus de fermetures forc\u00e9es.<\/li>\n<li>Lors du Conseil des ministres du 10 d\u00e9cembre, le gouvernement a d\u00e9cid\u00e9 de r\u00e9introduire le droit passerelle pour fermeture forc\u00e9e \u00e0 partir de d\u00e9cembre 2021. Cette prestation s&rsquo;applique aux ind\u00e9pendants qui sont directement touch\u00e9s par les mesures de fermeture obligatoire.<\/li>\n<\/ul>\n<h3 class=\"fusion-responsive-typography-calculated\" style=\"--fontsize: 20; line-height: 1.2; --minfontsize: 20; --fontSize:20; --minFontSize:20;\" data-fontsize=\"20\" data-lineheight=\"24px\">A quel montant s\u2019\u00e9l\u00e8ve le double droit passerelle (la prestation compl\u00e8te)?<\/h3>\n<p>P\u00e9riode 01\/01\/2021 \u2013 30\/06\/2021<\/p>\n<table width=\"346\">\n<tbody>\n<tr>\n<td width=\"50\"><\/td>\n<td width=\"151\">Avec charge de famille<\/td>\n<td width=\"145\">Sans charge de famille<\/td>\n<\/tr>\n<tr>\n<td>Montant<\/td>\n<td>3.228,2 euro<\/td>\n<td>2.583,38 euro<\/td>\n<\/tr>\n<\/tbody>\n<\/table>\n<p data-fontsize=\"20\" data-lineheight=\"24px\">P\u00e9riode depuis 01\/07\/2021<\/p>\n<table width=\"346\">\n<tbody>\n<tr>\n<td width=\"50\"><\/td>\n<td width=\"151\">Avec charge de famille<\/td>\n<td width=\"145\">Sans charge de famille<\/td>\n<\/tr>\n<tr>\n<td>Montant<\/td>\n<td>3.292,76 euro<\/td>\n<td>2.635,04 euro<\/td>\n<\/tr>\n<\/tbody>\n<\/table>\n<p data-fontsize=\"20\" data-lineheight=\"24px\">P\u00e9riode depuis 01\/09\/2021<\/p>\n<table width=\"346\">\n<tbody>\n<tr>\n<td width=\"50\"><\/td>\n<td width=\"151\">Avec charge de famille<\/td>\n<td width=\"145\">Sans charge de famille<\/td>\n<\/tr>\n<tr>\n<td>Montant<\/td>\n<td>3.358,62 euro<\/td>\n<td>2.687,74 euro<\/td>\n<\/tr>\n<\/tbody>\n<\/table>\n<h3 class=\"fusion-responsive-typography-calculated\" style=\"--fontsize: 20; line-height: 1.2; --minfontsize: 20; --fontSize:20; --minFontSize:20;\" data-fontsize=\"20\" data-lineheight=\"24px\">A quel montant s\u2019\u00e9l\u00e8ve le double droit passerelle (la prestation partielle)?<\/h3>\n<p>P\u00e9riode 01\/01\/2021 \u2013 30\/06\/2021<\/p>\n<table width=\"346\">\n<tbody>\n<tr>\n<td width=\"50\"><\/td>\n<td width=\"151\">Avec charge de famille<\/td>\n<td width=\"145\">Sans charge de famille<\/td>\n<\/tr>\n<tr>\n<td>Montant<\/td>\n<td>1.614,10 euro<\/td>\n<td>1.291,69 euro<\/td>\n<\/tr>\n<\/tbody>\n<\/table>\n<p data-fontsize=\"20\" data-lineheight=\"24px\">P\u00e9riode depuis 01\/07\/2021<\/p>\n<table width=\"346\">\n<tbody>\n<tr>\n<td width=\"50\"><\/td>\n<td width=\"151\">Avec charge de famille<\/td>\n<td width=\"145\">Sans charge de famille<\/td>\n<\/tr>\n<tr>\n<td>Montant<\/td>\n<td>1.646,38 euro<\/td>\n<td>1.317,52 euro<\/td>\n<\/tr>\n<\/tbody>\n<\/table>\n<p data-fontsize=\"20\" data-lineheight=\"24px\">P\u00e9riode depuis 01\/09\/2021<\/p>\n<table width=\"346\">\n<tbody>\n<tr>\n<td width=\"50\"><\/td>\n<td width=\"151\">Avec charge de famille<\/td>\n<td width=\"145\">Sans charge de famille<\/td>\n<\/tr>\n<tr>\n<td>Montant<\/td>\n<td>1.679,31 euro<\/td>\n<td>1.343,87 euro<\/td>\n<\/tr>\n<\/tbody>\n<\/table>\n<h3 class=\"fusion-responsive-typography-calculated\" style=\"--fontsize: 20; line-height: 1.2; --minfontsize: 20; --fontSize:20; --minFontSize:20;\" data-fontsize=\"20\" data-lineheight=\"24px\">Qui peut b\u00e9n\u00e9ficier le droit passerelle de crise complet?<\/h3>\n<ul>\n<li>les ind\u00e9pendants et aidants \u00e0 titre principal;<\/li>\n<li>les conjoints aidants (maxi-statut);<\/li>\n<li>les ind\u00e9pendants \u00e0 titre compl\u00e9mentaire ou avec assimilation \u00e0 une activit\u00e9 compl\u00e9mentaire (art. 37) qui paient au moins la cotisation minimale d\u2019un ind\u00e9pendant \u00e0 titre principal, c\u2019est-\u00e0-dire sur un revenu net imposable d\u2019au moins 14.042,57 euros;<\/li>\n<li>\u00e9tudiants ind\u00e9pendants qui paient au moins la cotisation minimale d\u2019un ind\u00e9pendant \u00e0 titre principal, c\u2019est-\u00e0-dire sur un revenu net imposable d\u2019au moins 14.042,57 euros;<\/li>\n<li>les pensionn\u00e9s actifs ind\u00e9pendants qui n\u2019ont pas pris leur pension, et qui paient des cotisations provisoires comme les ind\u00e9pendants \u00e0 titre principal, c\u2019est-\u00e0-dire sur un revenu net imposable d\u2019au moins 14.042,57 euros;<\/li>\n<\/ul>\n<h3 class=\"fusion-responsive-typography-calculated\" style=\"--fontsize: 20; line-height: 1.2; --minfontsize: 20; --fontSize:20; --minFontSize:20;\" data-fontsize=\"20\" data-lineheight=\"24px\">Qui peut b\u00e9n\u00e9ficier le droit passerelle de crise partiel?<\/h3>\n<ul>\n<li>des ind\u00e9pendants compl\u00e9mentaires dont les cotisations provisoires l\u00e9galement dues sont calcul\u00e9es sur un revenu de r\u00e9f\u00e9rence d\u2019il y a 3 ans qui se situe entre 7.021,29 euros et 14.042,57 euros;<\/li>\n<li>les ind\u00e9pendants avec assimilation \u00e0 une activit\u00e9 compl\u00e9mentaire (art. 37) dont les cotisations provisoires l\u00e9galement dues sont calcul\u00e9es sur un revenu de r\u00e9f\u00e9rence d\u2019il y a 3 ans qui se situe entre 7.021,29 euros et 7.356,08 euros;<\/li>\n<li>les \u00e9tudiants-ind\u00e9pendants dont les cotisations provisoires l\u00e9galement dues sont calcul\u00e9es sur un revenu de r\u00e9f\u00e9rence d\u2019il y a 3 ans qui se situe entre 7.021,29 euros et 14.042,57 euros.<\/li>\n<li>les pensionn\u00e9s actifs ind\u00e9pendants dont les cotisations provisoires l\u00e9galement dues sont calcul\u00e9es sur un revenu de r\u00e9f\u00e9rence d\u2019il y a 3 ans qui est sup\u00e9rieur \u00e0 7.021,29 euros;<\/li>\n<\/ul>\n<h3 class=\"fusion-responsive-typography-calculated\" style=\"--fontsize: 20; line-height: 1.2; --minfontsize: 20; --fontSize:20; --minFontSize:20;\" data-fontsize=\"20\" data-lineheight=\"24px\">Cumul avec un revenu de remplacement<\/h3>\n<ul>\n<li>Le cumul avec un revenu de remplacement n\u2019est pas autoris\u00e9 pour le mois de janvier.<\/li>\n<li>Pour le mois de f\u00e9vrier, le cumul avec un revenu de remplacement est autoris\u00e9 moyennant application du plafond de cumul. Le cumul avec un revenu de remplacement est autoris\u00e9 pour tous les travailleurs ind\u00e9pendants \u00e0 la seule condition que la somme de la prestation de droit passerelle et le revenu de remplacement ne d\u00e9passe pas le montant de la prestation financi\u00e8re pr\u00e9vue. En cas de d\u00e9passement, le montant de la prestation financi\u00e8re pr\u00e9vue octroy\u00e9e dans le cadre de la mesure temporaire de crise de droit passerelle est diminu\u00e9 \u00e0 concurrence de ce d\u00e9passement.<\/li>\n<\/ul>\n<h3 class=\"fusion-responsive-typography-calculated\" style=\"--fontsize: 20; line-height: 1.2; --minfontsize: 20; --fontSize:20; --minFontSize:20;\" data-fontsize=\"20\" data-lineheight=\"24px\">Jusqu\u2019\u00e0 quand peut-on introduire une demande?<\/h3>\n<p>A partir du mois d\u2019octobre le droit de passerelle n\u2019est plus d\u2019application vu qu\u2019il n\u2019y a plus de fermetures forc\u00e9es.<\/p>\n<ul>\n<li>Demande janvier, f\u00e9vrier, mars: jusqu\u2019au 30.09.2021 &#8211; ne s&rsquo;applique plus<\/li>\n<li>Demande avril, mai, juin: jusqu\u2019au 31.12.2021 &#8211; ne s&rsquo;applique plus<\/li>\n<li>Demande juillet, ao\u00fbt, septembre: jusqu\u2019au 31.12.2022.<\/li>\n<\/ul>\n<p>Lors du Conseil des ministres du 10 d\u00e9cembre, le gouvernement a d\u00e9cid\u00e9 de r\u00e9introduire le droit passerelle pour fermeture forc\u00e9e \u00e0 partir de d\u00e9cembre 2021. Cette prestation s&rsquo;applique aux ind\u00e9pendants qui sont directement touch\u00e9s par les mesures de fermeture obligatoire.<\/p>\n<h2 class=\"fusion-responsive-typography-calculated\" style=\"--fontsize: 28; line-height: 1.2; --minfontsize: 28; --fontSize:28; --minFontSize:28;\" data-fontsize=\"28\" data-lineheight=\"33.6px\">3. Le droit passerelle de crise baisse du chiffre d\u2019affaires<\/h2>\n<p>Cette mesure d&rsquo;aide est prolong\u00e9e jusqu&rsquo;au 31 mars 2022. Le pourcentage de la baisse du chiffre d&rsquo;affaires est diminu\u00e9e de 65% \u00e0 40% pour la prestation de d\u00e9cembre.<\/p>\n<h3 class=\"fusion-responsive-typography-calculated\" style=\"--fontsize: 20; line-height: 1.2; --minfontsize: 20; --fontSize:20; --minFontSize:20;\" data-fontsize=\"20\" data-lineheight=\"24px\">Qui peut b\u00e9n\u00e9ficier le droit passerelle de crise baisse du chiffre d\u2019affaires (janvier-mars)?<\/h3>\n<p>Les ind\u00e9pendants, qui sont confront\u00e9s \u00e0 une perte substantielle de revenus en raison de la crise corona, sans \u00eatre oblig\u00e9s de fermer leur entreprise, peuvent demander le droit passerelle de crise.<\/p>\n<p>Les travailleurs ind\u00e9pendants doivent remplir trois conditions cumulatives:<\/p>\n<ul>\n<li>Le travailleur ind\u00e9pendant doit d\u00e9montrer que, pour le mois civil pr\u00e9c\u00e9dant le mois civil sur lequel porte la demande d\u2019une prestation financi\u00e8re, son activit\u00e9 connait <strong>une baisse du chiffre d\u2019affaires d\u2019au moins 40% (demandes pour les mois janvier &#8211; septembre 2021 et d\u00e9cembre 2021) ou 65% (demandes pour les mois octobre et novembre 2021)<\/strong> par rapport au m\u00eame mois civil de l\u2019ann\u00e9e de r\u00e9f\u00e9rence 2019. Le travailleur ind\u00e9pendant doit clairement motiver le lien entre la perte du chiffre d\u2019affaires et la crise de la COVID-19.\n<ul>\n<li>Exemple: pour une demande introduite au mois de janvier 2021, il doit y avoir une baisse du chiffre d\u2019affaires de 40% pour le mois de decembre 2020 par rapport au mois de d\u00e9cembre 2019.<\/li>\n<li>En ce qui concerne les travailleurs ind\u00e9pendants qui n\u2019\u00e9taient pas encore actifs lors du mois civil concern\u00e9 de 2019 ou dont le chiffres d\u2019affaires semble anormalement bas en raison d\u2019une \u00ab force majeure \u00bb (comme par exemple en raison d\u2019une incapacit\u00e9 de travail ou d\u2019un cong\u00e9 de maternit\u00e9), le premier mois entier suivant le mois civil peut \u00eatre pris en consid\u00e9ration.\n<ul>\n<li>Exemple: un travailleur ind\u00e9pendant souhaite introduire une demande pour mars 2021, mais il n\u2019est assujetti que depuis le 15 mai 2019. Il doit comparer les chiffres de f\u00e9vrier 2021 et de juin 2019.<\/li>\n<\/ul>\n<\/li>\n<\/ul>\n<\/li>\n<li>Si la personne concern\u00e9e est active dans plusieurs entreprises, tous les chiffres d\u2019affaires doivent \u00eatre additionn\u00e9s afin de v\u00e9rifier s\u2019il y a une diminution de 40% (janvier &#8211; septembre 2021 et d\u00e9cembre 2021) ou 65% (octobre et novembre 2021) du chiffre d\u2019affaires.<\/li>\n<li>Le travailleur ind\u00e9pendant doit avoir effectivement pay\u00e9 ses cotisations provisoires l\u00e9galement dues durant au moins quatre sur les seize trimestres pr\u00e9c\u00e9dant le trimestre qui suit le trimestre du mois civil dans auquel se rapporte la demande.\n<ul>\n<li>Une exception est cependant pr\u00e9vue pour les travailleurs ind\u00e9pendants d\u00e9butants qui ne sont assujettis au statut social que depuis douze trimestres ou moins. Il leur suffit d\u2019avoir effectivement pay\u00e9 leurs cotisations provisoires l\u00e9galement dues durant au moins deux trimestres.<\/li>\n<\/ul>\n<\/li>\n<li>Le travailleur ind\u00e9pendant ne peut pas d\u00e9j\u00e0 b\u00e9n\u00e9ficier, durant le m\u00eame mois civil, de la prestation financi\u00e8re en application du droit passerelle de crise interruption forc\u00e9e.<\/li>\n<\/ul>\n<p>En premier lieu, la diminution du chiffre d\u2019affaires est prouv\u00e9e par une d\u00e9claration sur l\u2019honneur sur le formulaire de demande. Ensuite, les chiffres de la demande seront compar\u00e9s aux donn\u00e9es officielles de la TVA. S\u2019il y a une diff\u00e9rence, le dossier sera examin\u00e9 plus en d\u00e9tail et un recouvrement pourra avoir lieu.<\/p>\n<p>Le droit passerelle de crise ne pr\u00e9voit pas de maintien des droits sociaux. Cela signifie qu&rsquo;il n&rsquo;y a pas de dispense des cotisations sociales pour les mois et les trimestres pendant lesquels le droit passerelle de crise est vers\u00e9, avec maintien int\u00e9gral de vos droits sociaux. Vos cotisations sociales restent dues pour ces trimestres et vous n&rsquo;\u00eates en r\u00e8gle avec votre statut social qu&rsquo;apr\u00e8s le paiement des cotisations sociales, sauf si vous avez demand\u00e9 un report de paiement. Dans ce cas, vous restez en ordre aussi longtemps que le report de paiement se poursuit.<\/p>\n<h3 class=\"fusion-responsive-typography-calculated\" style=\"--fontsize: 20; line-height: 1.2; --minfontsize: 20; --fontSize:20; --minFontSize:20;\" data-fontsize=\"20\" data-lineheight=\"24px\">A quel montant s\u2019\u00e9l\u00e8ve la prestation compl\u00e8te?<\/h3>\n<p>P\u00e9riode 01\/01\/2021 \u2013 30\/06\/2021<\/p>\n<table width=\"346\">\n<tbody>\n<tr>\n<td width=\"50\"><\/td>\n<td width=\"151\">Avec charge de famille<\/td>\n<td width=\"145\">Sans charge de famille<\/td>\n<\/tr>\n<tr>\n<td>Montant<\/td>\n<td>1.614,10 euro<\/td>\n<td>1.291,69 euro<\/td>\n<\/tr>\n<\/tbody>\n<\/table>\n<p data-fontsize=\"20\" data-lineheight=\"24px\">P\u00e9riode depuis 01\/07\/2021<\/p>\n<table width=\"346\">\n<tbody>\n<tr>\n<td width=\"50\"><\/td>\n<td width=\"151\">Avec charge de famille<\/td>\n<td width=\"145\">Sans charge de famille<\/td>\n<\/tr>\n<tr>\n<td>Montant<\/td>\n<td>1.646,38 euro<\/td>\n<td>1.317,52 euro<\/td>\n<\/tr>\n<\/tbody>\n<\/table>\n<p data-fontsize=\"20\" data-lineheight=\"24px\">P\u00e9riode depuis 01\/09\/2021<\/p>\n<table width=\"346\">\n<tbody>\n<tr>\n<td width=\"50\"><\/td>\n<td width=\"151\">Avec charge de famille<\/td>\n<td width=\"145\">Sans charge de famille<\/td>\n<\/tr>\n<tr>\n<td>Montant<\/td>\n<td>1.679,31 euro<\/td>\n<td>1.343,87 euro<\/td>\n<\/tr>\n<\/tbody>\n<\/table>\n<h3 class=\"fusion-responsive-typography-calculated\" style=\"--fontsize: 20; line-height: 1.2; --minfontsize: 20; --fontSize:20; --minFontSize:20;\" data-fontsize=\"20\" data-lineheight=\"24px\">A quel montant s\u2019\u00e9l\u00e8ve la prestation partielle?<\/h3>\n<p>P\u00e9riode 01\/01\/2021 \u2013 30\/06\/2021<\/p>\n<table width=\"346\">\n<tbody>\n<tr>\n<td width=\"50\"><\/td>\n<td width=\"151\">Avec charge de famille<\/td>\n<td width=\"145\">Sans charge de famille<\/td>\n<\/tr>\n<tr>\n<td>Montant<\/td>\n<td>807,05 euro<\/td>\n<td>645,85 euro<\/td>\n<\/tr>\n<\/tbody>\n<\/table>\n<p>P\u00e9riode depuis 01\/07\/2021<\/p>\n<table width=\"346\">\n<tbody>\n<tr>\n<td width=\"50\"><\/td>\n<td width=\"151\">Avec charge de famille<\/td>\n<td width=\"145\">Sans charge de famille<\/td>\n<\/tr>\n<tr>\n<td>Montant<\/td>\n<td>823,19 euro<\/td>\n<td>658,76 euro<\/td>\n<\/tr>\n<\/tbody>\n<\/table>\n<p>P\u00e9riode depuis 01\/09\/2021<\/p>\n<table width=\"346\">\n<tbody>\n<tr>\n<td width=\"50\"><\/td>\n<td width=\"151\">Avec charge de famille<\/td>\n<td width=\"145\">Sans charge de famille<\/td>\n<\/tr>\n<tr>\n<td>Montant<\/td>\n<td>839,65 euro<\/td>\n<td>671,94 euro<\/td>\n<\/tr>\n<\/tbody>\n<\/table>\n<h3 class=\"fusion-responsive-typography-calculated\" style=\"--fontsize: 20; line-height: 1.2; --minfontsize: 20; --fontSize:20; --minFontSize:20;\" data-fontsize=\"20\" data-lineheight=\"24px\">Qui peut b\u00e9n\u00e9ficier le droit passerelle de crise complet?<\/h3>\n<ul>\n<li>les ind\u00e9pendants et aidants \u00e0 titre principal;<\/li>\n<li>les conjoints aidants (maxi-statut);<\/li>\n<li>les ind\u00e9pendants \u00e0 titre compl\u00e9mentaire ou avec assimilation \u00e0 une activit\u00e9 compl\u00e9mentaire (art. 37) qui paient au moins la cotisation minimale d\u2019un ind\u00e9pendant \u00e0 titre principal, c\u2019est-\u00e0-dire sur un revenu net imposable d\u2019au moins 14.042,57 euros;<\/li>\n<li>\u00e9tudiants ind\u00e9pendants qui paient au moins la cotisation minimale d\u2019un ind\u00e9pendant \u00e0 titre principal, c\u2019est-\u00e0-dire sur un revenu net imposable d\u2019au moins 14.042,57 euros;<\/li>\n<li>les pensionn\u00e9s actifs ind\u00e9pendants qui n\u2019ont pas pris leur pension, et qui paient des cotisations provisoires comme les ind\u00e9pendants \u00e0 titre principal, c\u2019est-\u00e0-dire sur un revenu net imposable d\u2019au moins 14.042,57 euros;<\/li>\n<\/ul>\n<h3 class=\"fusion-responsive-typography-calculated\" style=\"--fontsize: 20; line-height: 1.2; --minfontsize: 20; --fontSize:20; --minFontSize:20;\" data-fontsize=\"20\" data-lineheight=\"24px\">Qui peut b\u00e9n\u00e9ficier le droit passerelle de crise partiel?<\/h3>\n<ul>\n<li>des ind\u00e9pendants compl\u00e9mentaires dont les cotisations provisoires l\u00e9galement dues sont calcul\u00e9es sur un revenu de r\u00e9f\u00e9rence d\u2019il y a 3 ans qui se situe entre 7.021,29 euros et 14.042,57 euros;<\/li>\n<li>les ind\u00e9pendants avec assimilation \u00e0 une activit\u00e9 compl\u00e9mentaire (art. 37) dont les cotisations provisoires l\u00e9galement dues sont calcul\u00e9es sur un revenu de r\u00e9f\u00e9rence d\u2019il y a 3 ans qui se situe entre 7.021,29 euros et 7.356,08 euros;<\/li>\n<li>les \u00e9tudiants-ind\u00e9pendants dont les cotisations provisoires l\u00e9galement dues sont calcul\u00e9es sur un revenu de r\u00e9f\u00e9rence d\u2019il y a 3 ans qui se situe entre 7.021,29 euros et 14.042,57 euros.<\/li>\n<li>les pensionn\u00e9s actifs ind\u00e9pendants dont les cotisations provisoires l\u00e9galement dues sont calcul\u00e9es sur un revenu de r\u00e9f\u00e9rence d\u2019il y a 3 ans qui est sup\u00e9rieur \u00e0 7.021,29 euros;<\/li>\n<\/ul>\n<h3 class=\"fusion-responsive-typography-calculated\" style=\"--fontsize: 20; line-height: 1.2; --minfontsize: 20; --fontSize:20; --minFontSize:20;\" data-fontsize=\"20\" data-lineheight=\"24px\">Cumul avec un revenu de remplacement<\/h3>\n<p>Le cumul avec un revenu de remplacement est autoris\u00e9 moyennant application du plafond de cumul. Le cumul avec un revenu de remplacement est autoris\u00e9 pour tous les travailleurs ind\u00e9pendants \u00e0 la seule condition que la somme de la prestation de droit passerelle et le revenu de remplacement ne d\u00e9passe pas le montant de la prestation financi\u00e8re pr\u00e9vue. En cas de d\u00e9passement, le montant de la prestation financi\u00e8re pr\u00e9vue octroy\u00e9e dans le cadre de la mesure temporaire de crise de droit passerelle est diminu\u00e9 \u00e0 concurrence de ce d\u00e9passement.<\/p>\n<h3 class=\"fusion-responsive-typography-calculated\" style=\"--fontsize: 20; line-height: 1.2; --minfontsize: 20; --fontSize:20; --minFontSize:20;\" data-fontsize=\"20\" data-lineheight=\"24px\">Jusqu\u2019\u00e0 quand peut-on introduire une demande?<\/h3>\n<ul>\n<li>Demande janvier, f\u00e9vrier, mars: jusqu\u2019au 30.09.2021 &#8211; ne s&rsquo;applique plus<\/li>\n<li>Demande avril,mai, juin: jusqu\u2019au 31.12.2021 &#8211; ne s&rsquo;applique plus<\/li>\n<li>Demande juillet, ao\u00fbt, septembre: jusqu\u2019au 31.03.2022 &#8211; ne s&rsquo;applique plus<\/li>\n<li>Demande octobre, novembre, d\u00e9cembre: jusqu\u2019au 30.06.2022 &#8211; ne s&rsquo;applique plus<\/li>\n<li>Une demande doit \u00eatre introduite \u00e0 nouveau pour chaque mois avec l\u2019indication du chiffre d\u2019affaires n\u00e9cessaire.<\/li>\n<\/ul>\n<p>Ce <a href=\"https:\/\/staging.avixi.be\/wp-content\/uploads\/2021\/12\/tableau-indicatif-01-02-2022.pdf\" target=\"_blank\" rel=\"noopener noreferrer\">tableau indicatif<\/a><a href=\"https:\/\/staging.avixi.be\/wp-content\/uploads\/2021\/12\/tableau-indicatif-01-02-2022.pdf\" target=\"_blank\" rel=\"noopener noreferrer\"> <\/a>gouvernemental donne un aper\u00e7u des secteurs et des droits passerelles qu&rsquo;ils peuvent invoquer. Le tableau donne des exemples \u00e0 titre indicatif et n&rsquo;est pas exhaustif. (Pour votre information : la premi\u00e8re et la deuxi\u00e8me colonne concernent la fermeture obligatoire ; la quatri\u00e8me colonne est le droit de passage pour la perte de chiffre d&rsquo;affaires).<\/p>\n<h2 class=\"fusion-responsive-typography-calculated\" style=\"--fontsize: 28; line-height: 1.2; --minfontsize: 28; --fontSize:28; --minFontSize:28;\" data-fontsize=\"28\" data-lineheight=\"33.6px\">4. Le droit passerelle de crise quarantaine\/soins apport\u00e9s \u00e0 un enfant<\/h2>\n<p>Cette mesure d&rsquo;aide est prolong\u00e9e jusqu&rsquo;au 30 juin 2022.<\/p>\n<h3 class=\"fusion-responsive-typography-calculated\" style=\"--fontsize: 20; line-height: 1.2; --minfontsize: 20; --fontSize:20; --minFontSize:20;\" data-fontsize=\"20\" data-lineheight=\"24px\">Qui peut b\u00e9n\u00e9ficier le droit passerelle de crise quarantaine\/soins apport\u00e9s \u00e0 un enfant?<\/h3>\n<p>l n\u2019y a pas de conditions concernant l\u2019assujettissement pr\u00e9alable ou le paiement effectif des cotisations sociales.<\/p>\n<p><strong>Quarantaine<\/strong><\/p>\n<ul>\n<li>Les travailleurs ind\u00e9pendants qui, bien que aptes \u00e0 travailler, sont plac\u00e9s en quarantaine ou en isolement et doivent compl\u00e8tement interrompre leur activit\u00e9 pendant au moins 7 jours civils cons\u00e9cutifs.<\/li>\n<li>Les travailleurs ind\u00e9pendants doivent donc pr\u00e9senter un certificat de quarantaine \u00e0 leur nom ou au nom d\u2019une personne inscrite \u00e0 la m\u00eame adresse.<\/li>\n<li>Les travailleurs ind\u00e9pendants qui se sont rendus sciemment dans un pays ou une r\u00e9gion se trouvant dans une zone rouge au moment de leur d\u00e9part ne peuvent pr\u00e9tendre \u00e0 ce droit passerelle de crise.<\/li>\n<\/ul>\n<p><strong>Soins apport\u00e9s \u00e0 un enfant<\/strong><\/p>\n<p>Les travailleurs ind\u00e9pendants qui doivent interrompre totalement leur activit\u00e9 pendant au moins sept jours civils parce qu\u2019ils doivent prendre soin de leurs enfants dans des circonstances d\u00e9termin\u00e9es:<\/p>\n<ul>\n<li>Soin pour un enfant de moins de 18 ans qui habite avec le travailleur ind\u00e9pendant (situation de co-parent\u00e9 inclus \u2013 ex : le cas de garde altern\u00e9e) qui ne peut pas fr\u00e9quenter la cr\u00e8che ou l\u2019\u00e9cole, parce que:\n<ul>\n<li>l\u2019enfant est plac\u00e9 en quarantaine ou en isolement ou<\/li>\n<li>la cr\u00e8che, la classe ou l\u2019\u00e9cole est compl\u00e8tement ou partiellement ferm\u00e9e en raison d\u2019une mesure visant \u00e0 limiter la propagation du coronavirus COVID-19 (attention : cela implique que les p\u00e9riodes de vacances scolaires ordinaires ne soient pas prises en consid\u00e9ration) ou<\/li>\n<li>l\u2019enfant est oblig\u00e9 de suivre des cours sous la forme d\u2019un enseignement \u00e0 distance en raison d\u2019une d\u00e9cision de l\u2019autorit\u00e9 comp\u00e9tente prise afin de limiter la propagation du coronavirus COVID-19.<\/li>\n<li>L&rsquo;enfant doit \u00eatre pris en charge pendant les cinq jours de classe de la semaine suppl\u00e9mentaire de vacances de No\u00ebl (p\u00e9riode du 20 d\u00e9cembre au 24 d\u00e9cembre 2021 pour les \u00e9coles primaires et maternelles).<\/li>\n<\/ul>\n<\/li>\n<li>Soin apport\u00e9 \u00e0 un enfant handicap\u00e9 dont il a la charge, ind\u00e9pendamment de l\u2019\u00e2ge de cet enfant, parce que l\u2019enfant ne peut pas se rendre dans un centre d\u2019accueil pour personnes handicap\u00e9es, parce que ce centre est ferm\u00e9 ou suite \u00e0 l\u2019interruption temporaire du service ou traitement intramural ou extramural organis\u00e9 ou agr\u00e9\u00e9 par les Communaut\u00e9s \u00e0 la suite d\u2019une mesure prise pour limiter la propagation du coronavirus COVID-19.<\/li>\n<\/ul>\n<p>Les travailleurs ind\u00e9pendants doivent transmettre \u00e0 leur caisse d\u2019assurances sociales un certificat de quarantaine ou une attestation de la cr\u00e8che, de l\u2019\u00e9cole ou du centre d\u2019accueil pour personnes handicap\u00e9es, confirmant la fermeture de l\u2019\u00e9tablissement concern\u00e9 ou de la classe ou confirmant l\u2019enseignement \u00e0 distance obligatoire en raison d\u2019une mesure visant \u00e0 limiter la propagation du coronavirus COVID-19. Cette attestation pr\u00e9cise p\u00e9riode pendant laquelle la mesure est d\u2019application.<\/p>\n<p>Les travailleurs ind\u00e9pendants qui interrompent leur activit\u00e9 en raison de soins apport\u00e9s \u00e0 leur enfant doivent d\u00e9montrer que l\u2019interruption de l\u2019activit\u00e9 a dur\u00e9 au moins 7 jours civils pendant un mois civil. Toutefois, les jours ne doivent pas n\u00e9cessairement \u00eatre cons\u00e9cutifs, mais doivent tout de m\u00eame se situer dans le m\u00eame mois civil.<\/p>\n<p><strong>Arrangement temporaire soins apport\u00e9s \u00e0 un enfant<\/strong><\/p>\n<ol>\n<li><strong>Ecoles ferm\u00e9es (p\u00e9riode de 20 d\u00e9cembre au 24 d\u00e9cembre 2021): <\/strong>ces 5 jours de fermeture d\u2019\u00e9cole (maternelles et primaires) sont consid\u00e9r\u00e9s comme une interruption d\u2019activit\u00e9 de 7 jours civils cons\u00e9cutifs. S\u2019ils sont pris cons\u00e9cutivement, les ind\u00e9pendants entrent en consid\u00e9ration pour la prestation financi\u00e8re (m\u00eame s\u2019il n\u2019y a pas 7 jours civils au cours d\u2019un mois civil).<\/li>\n<li><strong>Ecoles ferm\u00e9es (p\u00e9riode de 29 mars au 4 avril 2021): <\/strong>ces 5 jours de fermeture d\u2019\u00e9cole sont consid\u00e9r\u00e9s comme une interruption d\u2019activit\u00e9 de 7 jours civils cons\u00e9cutifs. S\u2019ils sont pris cons\u00e9cutivement, les ind\u00e9pendants entrent en consid\u00e9ration pour la prestation financi\u00e8re (m\u00eame s\u2019il n\u2019y a pas 7 jours civils au cours d\u2019un mois civil).<\/li>\n<li><strong>Ecoles maternelles qui restent ouvertes (p\u00e9riode de 29 mars au 4 avril 2021):<\/strong> la prestation financi\u00e8re dans la situation de garde d\u2019un enfant peut \u00e9galement \u00eatre accord\u00e9e aux travailleurs ind\u00e9pendants qui d\u00e9cident de ne pas laisser aller \u00e0 l\u2019\u00e9cole maternelle un enfant avec lequel il cohabite, et ce pour les jours o\u00f9 il assure lui-m\u00eame la garde de l\u2019enfant. S\u2019ils sont pris cons\u00e9cutivement, les ind\u00e9pendants entrent en consid\u00e9ration pour la prestation financi\u00e8re (m\u00eame s\u2019il n\u2019y a pas 7 jours civils au cours d\u2019un mois civil).<\/li>\n<li><strong>Cr\u00e8ches qui restent ouvertes (p\u00e9riode de 29 mars au 18 avril 2021):<\/strong> la prestation financi\u00e8re dans la situation de garde d\u2019un enfant peut \u00e9galement \u00eatre accord\u00e9e aux travailleurs ind\u00e9pendants qui d\u00e9cident de ne pas laisser aller \u00e0 la cr\u00e8che un enfant avec lequel il cohabite, et ce pour les jours o\u00f9 l\u2019enfant est normalement inscrit et pour lesquels il assure lui-m\u00eame la garde de l\u2019enfant.<\/li>\n<li><strong>C<\/strong><strong>amps et stages annul\u00e9s (pendant les vacances de P\u00e2ques): <\/strong>le travailleur ind\u00e9pendant qui, \u00e0 la suite de l\u2019annulation totale ou partielle d\u2019une colonie de vacances ou d\u2019un accueil extrascolaire organis\u00e9, doit assurer la garde d\u2019un enfant mineur avec lequel il cohabite pendant les vacances de P\u00e2ques, peut \u00e9galement pr\u00e9tendre \u00e0 la prestation financi\u00e8re pour les jours o\u00f9 il assure la garde de l\u2019enfant. La condition \u00e0 remplir est que l\u2019enfant ait \u00e9t\u00e9 inscrit au plus tard le 18 mars<\/li>\n<\/ol>\n<p>Il est enfin essentiel qu\u2019il s\u2019agisse d\u2019une interruption effective et compl\u00e8te de l\u2019activit\u00e9 du travailleur ind\u00e9pendant. Les travailleurs ind\u00e9pendants qui peuvent organiser leurs activit\u00e9s \u00e0 partir de la maison n\u2019entrent pas en consid\u00e9ration.<\/p>\n<p>Contrairement au droit passerelle classique, le droit passerelle de crise ne pr\u00e9voit pas de maintien des droits sociaux. Cela signifie qu\u2019il n\u2019y a pas de dispense des cotisations sociales pour les mois et les trimestres pendant lesquels le droit passerelle de crise est vers\u00e9, avec maintien int\u00e9gral de vos droits sociaux.<\/p>\n<h3 class=\"fusion-responsive-typography-calculated\" style=\"--fontsize: 20; line-height: 1.2; --minfontsize: 20; --fontSize:20; --minFontSize:20;\" data-fontsize=\"20\" data-lineheight=\"24px\">A quel montant s\u2019\u00e9l\u00e8ve la prestation compl\u00e8te?<\/h3>\n<p>P\u00e9riode 01\/01\/2021 \u2013 30\/06\/2021<\/p>\n<table width=\"443\">\n<tbody>\n<tr>\n<td width=\"154\"><\/td>\n<td width=\"144\">Avec charge de famille<\/td>\n<td width=\"145\">Sans charge de famille<\/td>\n<\/tr>\n<tr>\n<td>28 jours ou plus<\/td>\n<td>1.614,10 euro<\/td>\n<td>1.291,69 euro<\/td>\n<\/tr>\n<tr>\n<td>Entre 21 et 27 jours<\/td>\n<td>1.210,58 euro<\/td>\n<td>968,77 euro<\/td>\n<\/tr>\n<tr>\n<td>Entre 14 et 20 jours<\/td>\n<td>807,05 euro<\/td>\n<td>645,84 euro<\/td>\n<\/tr>\n<tr>\n<td>Entre 7 et 13 jours<\/td>\n<td>403,53 euro<\/td>\n<td>322,92 euro<\/td>\n<\/tr>\n<tr>\n<td>Moins de 7 jours<\/td>\n<td>0 euro<\/td>\n<td>0 euro<\/td>\n<\/tr>\n<\/tbody>\n<\/table>\n<p data-fontsize=\"20\" data-lineheight=\"24px\">P\u00e9riode depuis 01\/07\/2021<\/p>\n<table width=\"443\">\n<tbody>\n<tr>\n<td width=\"154\"><\/td>\n<td width=\"144\">Avec charge de famille<\/td>\n<td width=\"145\">Sans charge de famille<\/td>\n<\/tr>\n<tr>\n<td>28 jours ou plus<\/td>\n<td>1.646,38 euro<\/td>\n<td>1.317,52 euro<\/td>\n<\/tr>\n<tr>\n<td>Entre 21 et 27 jours<\/td>\n<td>1.234,79 euro<\/td>\n<td>988,14 euro<\/td>\n<\/tr>\n<tr>\n<td>Entre 14 et 20 jours<\/td>\n<td>823,19 euro<\/td>\n<td>658,76 euro<\/td>\n<\/tr>\n<tr>\n<td>Entre 7 et 13 jours<\/td>\n<td>411,60 euro<\/td>\n<td>329,38 euro<\/td>\n<\/tr>\n<tr>\n<td>Moins de 7 jours<\/td>\n<td>0 euro<\/td>\n<td>0 euro<\/td>\n<\/tr>\n<\/tbody>\n<\/table>\n<p data-fontsize=\"20\" data-lineheight=\"24px\">P\u00e9riode depuis 01\/09\/2021<\/p>\n<table width=\"443\">\n<tbody>\n<tr>\n<td width=\"154\"><\/td>\n<td width=\"144\">Avec charge de famille<\/td>\n<td width=\"145\">Sans charge de famille<\/td>\n<\/tr>\n<tr>\n<td>28 jours ou plus<\/td>\n<td>1.679,31 euro<\/td>\n<td>1.343,87 euro<\/td>\n<\/tr>\n<tr>\n<td>Entre 21 et 27 jours<\/td>\n<td>1.259,49 euro<\/td>\n<td>1.007,90 euro<\/td>\n<\/tr>\n<tr>\n<td>Entre 14 et 20 jours<\/td>\n<td>839,65 euro<\/td>\n<td>671,94 euro<\/td>\n<\/tr>\n<tr>\n<td>Entre 7 et 13 jours<\/td>\n<td>419,83 euro<\/td>\n<td>335,97 euro<\/td>\n<\/tr>\n<tr>\n<td>Moins de 7 jours<\/td>\n<td>0 euro<\/td>\n<td>0 euro<\/td>\n<\/tr>\n<\/tbody>\n<\/table>\n<h3 class=\"fusion-responsive-typography-calculated\" style=\"--fontsize: 20; line-height: 1.2; --minfontsize: 20; --fontSize:20; --minFontSize:20;\" data-fontsize=\"20\" data-lineheight=\"24px\">A quel montant s\u2019\u00e9l\u00e8ve la prestation partielle?<\/h3>\n<p>P\u00e9riode 01\/01\/2021 \u2013 30\/06\/2021<\/p>\n<table width=\"443\">\n<tbody>\n<tr>\n<td width=\"154\"><\/td>\n<td width=\"144\">Avec charge de famille<\/td>\n<td width=\"145\">Sans charge de famille<\/td>\n<\/tr>\n<tr>\n<td>28 jours ou plus<\/td>\n<td>807,05 euro<\/td>\n<td>645,84 euro<\/td>\n<\/tr>\n<tr>\n<td>Entre 21 et 27 jours<\/td>\n<td>605,29 euro<\/td>\n<td>484,39 euro<\/td>\n<\/tr>\n<tr>\n<td>Entre 14 et 20 jours<\/td>\n<td>403,53 euro<\/td>\n<td>322,92 euro<\/td>\n<\/tr>\n<tr>\n<td>Entre 7 et 13 jours<\/td>\n<td>201,77 euro<\/td>\n<td>161,46 euro<\/td>\n<\/tr>\n<tr>\n<td>Moins de 7 jours<\/td>\n<td>0 euro<\/td>\n<td>0 euro<\/td>\n<\/tr>\n<\/tbody>\n<\/table>\n<p data-fontsize=\"20\" data-lineheight=\"24px\">P\u00e9riode depuis 01\/07\/2021<\/p>\n<table width=\"443\">\n<tbody>\n<tr>\n<td width=\"154\"><\/td>\n<td width=\"144\">Avec charge de famille<\/td>\n<td width=\"145\">Sans charge de famille<\/td>\n<\/tr>\n<tr>\n<td>28 jours ou plus<\/td>\n<td>823,19 euro<\/td>\n<td>658,76 euro<\/td>\n<\/tr>\n<tr>\n<td>Entre 21 et 27 jours<\/td>\n<td>617,39 euro<\/td>\n<td>494,07 euro<\/td>\n<\/tr>\n<tr>\n<td>Entre 14 et 20 jours<\/td>\n<td>411,60 euro<\/td>\n<td>329,38 euro<\/td>\n<\/tr>\n<tr>\n<td>Entre 7 et 13 jours<\/td>\n<td>205,80 euro<\/td>\n<td>164,69 euro<\/td>\n<\/tr>\n<tr>\n<td>Moins de 7 jours<\/td>\n<td>0 euro<\/td>\n<td>0 euro<\/td>\n<\/tr>\n<\/tbody>\n<\/table>\n<p data-fontsize=\"20\" data-lineheight=\"24px\">P\u00e9riode depuis 01\/09\/2021<\/p>\n<table width=\"443\">\n<tbody>\n<tr>\n<td width=\"154\"><\/td>\n<td width=\"144\">Avec charge de famille<\/td>\n<td width=\"145\">Sans charge de famille<\/td>\n<\/tr>\n<tr>\n<td>28 jours ou plus<\/td>\n<td>839,65 euro<\/td>\n<td>671,94 euro<\/td>\n<\/tr>\n<tr>\n<td>Entre 21 et 27 jours<\/td>\n<td>629,74 euro<\/td>\n<td>503,95 euro<\/td>\n<\/tr>\n<tr>\n<td>Entre 14 et 20 jours<\/td>\n<td>419,83 euro<\/td>\n<td>335,97 euro<\/td>\n<\/tr>\n<tr>\n<td>Entre 7 et 13 jours<\/td>\n<td>209,92 euro<\/td>\n<td>167,98 euro<\/td>\n<\/tr>\n<tr>\n<td>Moins de 7 jours<\/td>\n<td>0 euro<\/td>\n<td>0 euro<\/td>\n<\/tr>\n<\/tbody>\n<\/table>\n<h3 class=\"fusion-responsive-typography-calculated\" style=\"--fontsize: 20; line-height: 1.2; --minfontsize: 20; --fontSize:20; --minFontSize:20;\" data-fontsize=\"20\" data-lineheight=\"24px\">Qui peut b\u00e9n\u00e9ficier le droit passerelle de crise complet?<\/h3>\n<ul>\n<li>les ind\u00e9pendants et aidants \u00e0 titre principal;<\/li>\n<li>les conjoints aidants (maxi-statut);<\/li>\n<li>les ind\u00e9pendants \u00e0 titre compl\u00e9mentaire ou avec assimilation \u00e0 une activit\u00e9 compl\u00e9mentaire (art. 37) qui paient au moins la cotisation minimale d\u2019un ind\u00e9pendant \u00e0 titre principal, c\u2019est-\u00e0-dire sur un revenu net imposable d\u2019au moins 14.042,57 euros;<\/li>\n<li>\u00e9tudiants ind\u00e9pendants qui paient au moins la cotisation minimale d\u2019un ind\u00e9pendant \u00e0 titre principal, c\u2019est-\u00e0-dire sur un revenu net imposable d\u2019au moins 14.042,57 euros;<\/li>\n<li>les pensionn\u00e9s actifs ind\u00e9pendants qui n\u2019ont pas pris leur pension, et qui paient des cotisations provisoires comme les ind\u00e9pendants \u00e0 titre principal, c\u2019est-\u00e0-dire sur un revenu net imposable d\u2019au moins 14.042,57 euros;<\/li>\n<\/ul>\n<h3 class=\"fusion-responsive-typography-calculated\" style=\"--fontsize: 20; line-height: 1.2; --minfontsize: 20; --fontSize:20; --minFontSize:20;\" data-fontsize=\"20\" data-lineheight=\"24px\">Qui peut b\u00e9n\u00e9ficier le droit passerelle de crise partiel?<\/h3>\n<ul>\n<li>des ind\u00e9pendants compl\u00e9mentaires dont les cotisations provisoires l\u00e9galement dues sont calcul\u00e9es sur un revenu de r\u00e9f\u00e9rence d\u2019il y a 3 ans qui se situe entre 7.021,29 euros et 14.042,57 euros;<\/li>\n<li>les ind\u00e9pendants avec assimilation \u00e0 une activit\u00e9 compl\u00e9mentaire (art. 37) dont les cotisations provisoires l\u00e9galement dues sont calcul\u00e9es sur un revenu de r\u00e9f\u00e9rence d\u2019il y a 3 ans qui se situe entre 7.021,29 euros et 7.356,08 euros;<\/li>\n<li>les \u00e9tudiants-ind\u00e9pendants dont les cotisations provisoires l\u00e9galement dues sont calcul\u00e9es sur un revenu de r\u00e9f\u00e9rence d\u2019il y a 3 ans qui se situe entre 7.021,29 euros et 14.042,57 euros.<\/li>\n<li>les pensionn\u00e9s actifs ind\u00e9pendants dont les cotisations provisoires l\u00e9galement dues sont calcul\u00e9es sur un revenu de r\u00e9f\u00e9rence d\u2019il y a 3 ans qui est sup\u00e9rieur \u00e0 7.021,29 euros;<\/li>\n<\/ul>\n<h3 class=\"fusion-responsive-typography-calculated\" style=\"--fontsize: 20; line-height: 1.2; --minfontsize: 20; --fontSize:20; --minFontSize:20;\" data-fontsize=\"20\" data-lineheight=\"24px\">Cumul avec un revenu de remplacement<\/h3>\n<p>Le cumul avec un revenu de remplacement est autoris\u00e9 moyennant application du plafond de cumul. Le cumul avec un revenu de remplacement est autoris\u00e9 pour tous les travailleurs ind\u00e9pendants \u00e0 la seule condition que la somme de la prestation de droit passerelle et le revenu de remplacement ne d\u00e9passe pas le montant de la prestation financi\u00e8re pr\u00e9vue. En cas de d\u00e9passement, le montant de la prestation financi\u00e8re pr\u00e9vue octroy\u00e9e dans le cadre de la mesure temporaire de crise de droit passerelle est diminu\u00e9 \u00e0 concurrence de ce d\u00e9passement. Le plafond de cumul est toujours examin\u00e9 sur base mensuelle m\u00eame s\u2019il s\u2019agit d\u2019interruptions n\u2019ayant pas n\u00e9cessairement lieu au cours de la m\u00eame p\u00e9riode.<\/p>\n<h3 class=\"fusion-responsive-typography-calculated\" style=\"--fontsize: 20; line-height: 1.2; --minfontsize: 20; --fontSize:20; --minFontSize:20;\" data-fontsize=\"20\" data-lineheight=\"24px\">Jusqu\u2019\u00e0 quand peut-on introduire une demande?<\/h3>\n<ul>\n<li>Demande janvier, f\u00e9vrier, mars: jusqu\u2019au 30.09.2021 &#8211; ne s&rsquo;applique plus<\/li>\n<li>Demande avril, mai, juin: jusqu\u2019au 31.12.2021 &#8211; ne s&rsquo;applique plus<\/li>\n<li>Demande juillet, ao\u00fbt, septembre: jusqu\u2019au 31.03.2022 &#8211; ne s&rsquo;applique plus<\/li>\n<li>Demande octobre, novembre, d\u00e9cembre: jusqu\u2019au 30.06.2022 &#8211; ne s&rsquo;applique plus<\/li>\n<li>Une nouvelle demande doit \u00eatre introduite par le demandeur pour chaque p\u00e9riode d\u2019interruption avec le certificat ou l\u2019attestation n\u00e9cessaire.<\/li>\n<\/ul>\n<h2 class=\"fusion-responsive-typography-calculated\" style=\"--fontsize: 28; line-height: 1.2; --minfontsize: 28; --fontSize:28; --minFontSize:28;\" data-fontsize=\"28\" data-lineheight=\"33.6px\">5. Le droit passerelle classique<\/h2>\n<p>Cette mesure d&rsquo;aide est prolong\u00e9e jusqu&rsquo;au 30 septembre 2021. A partir du mois d\u2019octobre les assouplissements temporaires ne sont plus d\u2019application.<\/p>\n<p><strong>Un \u00e9v\u00e8nement ayant des impacts \u00e9conomiques<\/strong><\/p>\n<p>La crise du coronavirus est reconnue comme un \u00e9v\u00e8nement ayant un impact \u00e9conomique.<\/p>\n<h3 class=\"fusion-responsive-typography-calculated\" style=\"--fontsize: 20; line-height: 1.2; --minfontsize: 20; --fontSize:20; --minFontSize:20;\" data-fontsize=\"20\" data-lineheight=\"24px\">Conditions<\/h3>\n<p>Pour pouvoir pr\u00e9tendre au droit passerelle, vous devez satisfaire \u00e0 cettes <strong>conditions g\u00e9n\u00e9rales<\/strong>\u202f:<\/p>\n<ol>\n<li>Vous \u00e9tiez <strong>ind\u00e9pendant \u00e0 titre principal<\/strong> ou <strong>conjoint aidant (maxi-statut) <\/strong>au cours du trimestre pendant lequel l\u2019\u00e9v\u00e9nement s\u2019est produit et au minimum pendant les trois trimestres pr\u00e9c\u00e9dents.<\/li>\n<li>Au cours de ces m\u00eames trimestres, vous \u00e9tiez <strong>redevables de cotisations sociales<\/strong>.<\/li>\n<li>Vous avez vers\u00e9 au moins <strong>quatre cotisations trimestrielles<\/strong> au cours des seize trimestres pr\u00e9c\u00e9dents (seules les cotisations effectivement vers\u00e9es comptent, les trimestres exon\u00e9r\u00e9s ou assimil\u00e9s ne comptent pas).<\/li>\n<li>Vous n\u2019exercez plus <strong>aucune activit\u00e9 professionnelle<\/strong>.<\/li>\n<li>Vous avez <strong>moins de 65\u202fans<\/strong> et ne pouvez pas pr\u00e9tendre au <strong>revenu de remplacement<\/strong> (ch\u00f4mage, incapacit\u00e9 de travail, pension, etc.).<\/li>\n<li>Votre r\u00e9sidence principale se situe en <strong>Belgique<\/strong>.<\/li>\n<\/ol>\n<h3 class=\"fusion-responsive-typography-calculated\" style=\"--fontsize: 20; line-height: 1.2; --minfontsize: 20; --fontSize:20; --minFontSize:20;\" data-fontsize=\"20\" data-lineheight=\"24px\">Revenu<\/h3>\n<ul>\n<li>Si le travailleur ind\u00e9pendant doit interrompre compl\u00e8tement son activit\u00e9 pendant 14 jours pour les raisons mentionn\u00e9es ci-dessus, la prestation s\u2019\u00e9l\u00e8ve \u00e0 839,65 EUR (avec charge de famille) et \u00e0 671,94 EUR (sans charge de famille).<\/li>\n<li>Si le travailleur ind\u00e9pendant doit interrompre compl\u00e8tement son activit\u00e9 ind\u00e9pendante pendant 7 jours pour les raisons mentionn\u00e9es ci-dessus, la prestation s\u2019\u00e9l\u00e8ve \u00e0 419,83 euros (avec charge de famille) et \u00e0 335,97 euros (sans charge de famille).<\/li>\n<li>Si le travailleur ind\u00e9pendant doit interrompre compl\u00e8tement son activit\u00e9 ind\u00e9pendante pendant moins de 7 jours pour les raisons mentionn\u00e9es ci-dessus, il n\u2019a pas droit \u00e0 la prestation.<\/li>\n<\/ul>\n<h3 class=\"fusion-responsive-typography-calculated\" style=\"--fontsize: 20; line-height: 1.2; --minfontsize: 20; --fontSize:20; --minFontSize:20;\" data-fontsize=\"20\" data-lineheight=\"24px\">Assouplissements temporaires pendant la crise corona<\/h3>\n<p>Pendant la crise corona, certaines conditions du droit passerelle sont assouplies pour les \u00e9v\u00e9nements se produisant entre le 1er avril 2020 et le 31 mars 2021.<\/p>\n<ul>\n<li>Le cumul avec un revenu de remplacement est temporairement possible, mais la somme des deux prestations est limit\u00e9e au montant du droit passerelle.<\/li>\n<li>Le maintien des droits sociaux est temporairement \u00e9tendu aux droits \u00e0 pension \u00e0 partir du quatri\u00e8me trimestre 2020.<\/li>\n<li>Pour un d\u00e9butant, il suffit que deux trimestres des cotisations aient \u00e9t\u00e9 pay\u00e9s au lieu de quatre.<\/li>\n<li>Pour les \u00e9v\u00e9nements survenant entre le 1er avril 2020 et le 31 d\u00e9cembre 2020, le d\u00e9lai de demande est temporairement \u00e9tendue de 2 \u00e0 4 trimestres.<\/li>\n<li>Lorsque l\u2019interruption temporaire est suivie d\u2019une cessation d\u00e9finitive, le droit passerelle classique est accord\u00e9 \u00e0 partir de la cessation d\u00e9finitive. Les prestations vers\u00e9es pour l\u2019interruption temporaire n\u2019en sont pas d\u00e9duites.<\/li>\n<\/ul>\n<h2 class=\"fusion-responsive-typography-calculated\" style=\"--fontsize: 28; line-height: 1.2; --minfontsize: 28; --fontSize:28; --minFontSize:28;\" data-fontsize=\"28\" data-lineheight=\"33.6px\">6. Report de paiement des cotisations sociales<\/h2>\n<p>Cette mesure de soutien n&rsquo;est plus applicable. <span style=\"background-color: rgba(255, 255, 255, 0); color: var(--body_typography-color); font-family: var(--body_typography-font-family); font-size: var(--body_typography-font-size); font-style: var(--body_typography-font-style,normal); font-weight: var(--body_typography-font-weight); letter-spacing: var(--body_typography-letter-spacing);\">Le gouvernement n&rsquo;a pas prolong\u00e9 cette mesure de soutien pour l&rsquo;instant. Les demandes de report de cotisations pour les cotisations provisionnelles du quatri\u00e8me trimestre 2021 et les cotisations de r\u00e9gularisation des trimestres 2018 et\/ou 2019 et\/ou 2020 dues le 31 d\u00e9cembre 2021 devaient \u00eatre d\u00e9pos\u00e9es avant le 15 d\u00e9cembre 2021.<\/span><\/p>\n<p>La mesure de soutien qui \u00e9tait applicable :<\/p>\n<p>Toutes les cat\u00e9gories d\u2019ind\u00e9pendants qui subissent les cons\u00e9quences du coronavirus peuvent obtenir un report d\u2019un an pour le paiement de leurs cotisations sociales.<\/p>\n<p>La mesure vaut pour :<\/p>\n<ul>\n<li>les cotisations provisoires:\n<ul>\n<li>les trois premiers trimestres de 2021 (la date limite pour la demande a expir\u00e9, la demande ne peut plus \u00eatre soumise).<\/li>\n<li>le quatri\u00e8me trimestre de 2021<\/li>\n<\/ul>\n<\/li>\n<li>les cotisations de r\u00e9gularisation:\n<ul>\n<li>les trimestres de 2018, 2019 ou 2020 qui sont \u00e9chues au 31 mars 2021 ou au 30 juin 2021 ou au 30 septembre 2021 (la date limite pour la demande a expir\u00e9, la demande ne peut plus \u00eatre soumise).<\/li>\n<li>les trimestres de 2018, 2019 ou 2020 qui arrivent \u00e0 \u00e9ch\u00e9ance au 31 d\u00e9cembre 2021<\/li>\n<\/ul>\n<\/li>\n<\/ul>\n<p>Les nouveaux d\u00e9lais de paiement sont les suivants:<\/p>\n<ul>\n<li>paiement cotisation du 1er trimestre 2021 et cotisations de r\u00e9gularisation 2018 et 2019 initialement dues au 31 mars 2021: avant le 31 mars 2022.<\/li>\n<li>paiement cotisation du 2e trimestre 2021 et cotisations de r\u00e9gularisation 2018 et 2019 initialement dues au 30 juin 2021: avant le 30 juin 2022.<\/li>\n<li>paiement cotisation du 3e trimestre 2021 et cotisations de r\u00e9gularisation 2018 et\/ou 2019 et\/ou 2020 initialement dues au 30 septembre 2021: avant le 30 septembre 2022.<\/li>\n<li>paiement cotisation du 4e trimestre 2021 et cotisations de r\u00e9gularisation 2018 et\/ou 2019 et\/ou 2020 initialement dues au 30 d\u00e9cembre 2021: avant le 15 d\u00e9cembre 2022.<\/li>\n<\/ul>\n<p>La mesure ne vaut pas pour les cotisations d\u00e9j\u00e0 pay\u00e9es.<\/p>\n<p>Aucune majoration ne vous sera r\u00e9clam\u00e9e durant cette p\u00e9riode et ce report n\u2019aura aucun impact sur les prestations auxquelles vous avez droit. Si les cotisations en question ne sont pas enti\u00e8rement pay\u00e9es dans le d\u00e9lai pr\u00e9vu, des majorations seront dues pour les trimestres concern\u00e9s et les prestations ind\u00fbment pay\u00e9es seront r\u00e9cup\u00e9r\u00e9es.<\/p>\n<h3 class=\"fusion-responsive-typography-calculated\" style=\"--fontsize: 20; line-height: 1.2; --minfontsize: 20; --fontSize:20; --minFontSize:20;\" data-fontsize=\"20\" data-lineheight=\"24px\">De quoi devez-vous tenir compte?<\/h3>\n<ul>\n<li>Des majorations seront dues si les cotisations concern\u00e9es ne sont pas enti\u00e8rement pay\u00e9es apr\u00e8s le report.<\/li>\n<li>Aucune attestation fiscale ne sera delivr\u00e9e pour les cotisations qui n\u2019auront pas \u00e9t\u00e9 pay\u00e9es en 2021.<\/li>\n<li>L\u2019an prochain, vous devrez payer ces trimestres et vous recevrez une attestation fiscale pour les trimestres (pay\u00e9es).<\/li>\n<\/ul>\n<h3 class=\"fusion-responsive-typography-calculated\" style=\"--fontsize: 20; line-height: 1.2; --minfontsize: 20; --fontSize:20; --minFontSize:20;\" data-fontsize=\"20\" data-lineheight=\"24px\">Jusqu\u2019\u00e0 quand peut-on introduire une demande?<\/h3>\n<ul>\n<li>avant le 15\/3\/2021: pour b\u00e9n\u00e9ficier d\u2019un report de paiement pour les 1er trimestre de 2021 et les cotisations de r\u00e9gularisation de trimestres de 2018 et 2019 qui sont \u00e9chues au 31 mars 2021.<\/li>\n<li>avant le 15\/6\/2021: pour b\u00e9n\u00e9ficier d\u2019un report de paiement pour le 2\u00e8me trimestre de 2021 et les cotisations de r\u00e9gularisation de trimestres de 2018 et 2019 qui sont \u00e9chues au 31 mars 2021 ou au 30 juin 2021.<\/li>\n<li>avant le 15\/9\/2021: pour b\u00e9n\u00e9ficier d\u2019un report de paiement pour le 3\u00e8me trimestre de 2021 et les cotisations de r\u00e9gularisation de trimestres de 2018 et\/ou 2019 et\/ou 2020 qui sont \u00e9chues au 30 septembre 2021.<\/li>\n<li>avant le 15\/12\/2021: pour b\u00e9n\u00e9ficier d\u2019un report de paiement pour le 4\u00e8me trimestre de 2021 et les cotisations de r\u00e9gularisation de trimestres de 2018 et 2019 qui sont \u00e9chues au 31 d\u00e9cembre 2021.<\/li>\n<\/ul>\n<h2 class=\"fusion-responsive-typography-calculated\" style=\"--fontsize: 28; line-height: 1.2; --minfontsize: 28; --fontSize:28; --minFontSize:28;\" data-fontsize=\"28\" data-lineheight=\"33.6px\">7. Dispense de cotisations<\/h2>\n<p>Il y a un certain assouplissement dans la demande de dispense introduite par les travailleurs ind\u00e9pendants qui rencontrent des difficult\u00e9s majeures en raison de la crise du coronavirus.<\/p>\n<p>Les ind\u00e9pendants et aidants \u00e0 titre principal, les conjoints aidants (maxi-statut), les (primo)-starters, les \u00e9tudiants ind\u00e9pendants (qui paient au moins la cotisation minimale d\u2019un ind\u00e9pendant \u00e0 titre principal), et les pensionn\u00e9s exer\u00e7ant une activit\u00e9 ind\u00e9pendante peuvent demander une dispense.<\/p>\n<p>Pendant la crise du coronavirus, les ind\u00e9pendants d\u00e9butants, qui exercent leur activit\u00e9 depuis moins de quatre trimestres, peuvent eux aussi introduire une demande de dispense.<\/p>\n<p>Vous pouvez encore demander une dispense dans des conditions corona assoupli pour:<\/p>\n<ul>\n<li>la cotisation provisoire relative au 3<sup>\u00e8me<\/sup> trimestre 2021<\/li>\n<li>la cotisation provisoire relative au 4<sup>\u00e8me<\/sup> trimestre 2021<\/li>\n<li>les cotisations de r\u00e9gularisation relatives aux trimestres de 2018, 2019 ou 2020 qui sont \u00e9chues au 31 d\u00e9cembre 2021<\/li>\n<\/ul>\n<h3 class=\"fusion-responsive-typography-calculated\" style=\"--fontsize: 20; line-height: 1.2; --minfontsize: 20; --fontSize:20; --minFontSize:20;\" data-fontsize=\"20\" data-lineheight=\"24px\">De quoi faut-il tenir compte ?<\/h3>\n<ul>\n<li>Si vous obtenez la dispense, vous perdrez vos droits \u00e0 pension pour les trimestres pour lesquels vousb\u00e9n\u00e9ficiez de la dispense.<\/li>\n<li>Vous resterez cependant en ordre pour ce quiconcerne les allocations familiales et l\u2019assurancemaladie.<\/li>\n<li>La prime de la pension libre compl\u00e9mentaire nesera pas d\u00e9ductible fiscalement<\/li>\n<\/ul>\n<p>Il est toujours possible de demander une dispense des cotisations, m\u00eame si vous avez d\u2019abord demand\u00e9 un report de paiement.<\/p>\n<h3 class=\"fusion-responsive-typography-calculated\" style=\"--fontsize: 20; line-height: 1.2; --minfontsize: 20; --fontSize:20; --minFontSize:20;\" data-fontsize=\"20\" data-lineheight=\"24px\">Jusqu\u2019\u00e0 quand peut-on introduire une demande?<\/h3>\n<p>La demande doit \u00eatre introduite dans les 12 mois qui suivent la fin de chaque trimestre concern\u00e9.<\/p>\n<h2 class=\"fusion-responsive-typography-calculated\" style=\"--fontsize: 28; line-height: 1.2; --minfontsize: 28; --fontSize:28; --minFontSize:28;\" data-fontsize=\"28\" data-lineheight=\"33.6px\">8. R\u00e9duction de cotisations<\/h2>\n<p>Les ind\u00e9pendants qui \u00e9prouvent de difficult\u00e9s \u00e0 cause du coronavirus peuvent demander une r\u00e9duction de leurs cotisations sociales provisoires pour l\u2019ann\u00e9e 2021 si leurs revenus professionnels sont inf\u00e9rieurs \u00e0 l\u2019un des seuils l\u00e9gaux.<\/p>\n<p><strong>Ind\u00e9pendant \u00e0 titre principal<\/strong><\/p>\n<p>\u20ac 14.042,57 | \u20ac 17.692,54 | \u20ac 22.291,20 |\u20ac 28.085,15 | \u20ac 39.718,41 | \u20ac 56.170,30<\/p>\n<p><strong>Ind\u00e9pendant \u00e0 titre compl\u00e9mentaire<\/strong><\/p>\n<p>\u20ac 1.553,58 | \u20ac 7.356,08<br \/>\nautres seuils, voir titre principal<\/p>\n<p><strong>Conjoint(e) aidant(e)<\/strong><\/p>\n<p>\u20ac 6.168,90<br \/>\nautres seuils, voir \u00e0 titre principal<\/p>\n<p><strong>\u00c9tudiant-ind\u00e9pendant<\/strong><\/p>\n<p>\u20ac 7.021,29 | \u20ac 10.531,92<br \/>\nautres seuils, voir \u00e0 titre principal<\/p>\n<p><strong>Art. 37 (mari\u00e9es, veufs, veuves)<\/strong><\/p>\n<p>\u20ac 1.553,58 | \u20ac 7.356,08<br \/>\nautres seuils, voir \u00e0 titre principal<\/p>\n<p><strong>Pensionn\u00e9s<\/strong><\/p>\n<p>\u20ac 3.107,17 | \u20ac 7.356,08<br \/>\n\u20ac 6 797,00 | \u20ac 10 195,00 (retraite anticip\u00e9e)<br \/>\nautres seuils, voir \u00e0 titre principal<\/p>\n<h3 class=\"fusion-responsive-typography-calculated\" style=\"--fontsize: 20; line-height: 1.2; --minfontsize: 20; --fontSize:20; --minFontSize:20;\" data-fontsize=\"20\" data-lineheight=\"24px\">Jusqu\u2019\u00e0 quand peut-on introduire une demande?<\/h3>\n<p>Vous pouvez introduire une demande pour les cotisations 2021.<\/p>\n<\/div><\/div><\/div><div class=\"fusion-layout-column fusion_builder_column fusion-builder-column-1 fusion_builder_column_1_4 1_4 fusion-flex-column\" style=\"--awb-bg-size:cover;--awb-width-large:25%;--awb-margin-top-large:0px;--awb-spacing-right-large:7.68%;--awb-margin-bottom-large:20px;--awb-spacing-left-large:7.68%;--awb-width-medium:25%;--awb-order-medium:0;--awb-spacing-right-medium:7.68%;--awb-spacing-left-medium:7.68%;--awb-width-small:100%;--awb-order-small:0;--awb-spacing-right-small:1.92%;--awb-spacing-left-small:1.92%;\"><div class=\"fusion-column-wrapper fusion-column-has-shadow fusion-flex-justify-content-flex-start fusion-content-layout-column\"><div class=\"fusion-image-element \" style=\"--awb-caption-title-font-family:var(--h2_typography-font-family);--awb-caption-title-font-weight:var(--h2_typography-font-weight);--awb-caption-title-font-style:var(--h2_typography-font-style);--awb-caption-title-size:var(--h2_typography-font-size);--awb-caption-title-transform:var(--h2_typography-text-transform);--awb-caption-title-line-height:var(--h2_typography-line-height);--awb-caption-title-letter-spacing:var(--h2_typography-letter-spacing);\"><span class=\" fusion-imageframe imageframe-none imageframe-1 hover-type-none\"><img loading=\"lazy\" decoding=\"async\" width=\"960\" height=\"640\" title=\"avaxi-7\" src=\"https:\/\/staging.avixi.be\/wp-content\/uploads\/2021\/03\/avaxi-7-960x640.jpg\" alt class=\"img-responsive wp-image-4865\" srcset=\"https:\/\/staging.avixi.be\/wp-content\/uploads\/2021\/03\/avaxi-7-200x133.jpg 200w, https:\/\/staging.avixi.be\/wp-content\/uploads\/2021\/03\/avaxi-7-400x267.jpg 400w, https:\/\/staging.avixi.be\/wp-content\/uploads\/2021\/03\/avaxi-7-600x400.jpg 600w, https:\/\/staging.avixi.be\/wp-content\/uploads\/2021\/03\/avaxi-7-800x533.jpg 800w, https:\/\/staging.avixi.be\/wp-content\/uploads\/2021\/03\/avaxi-7-1200x800.jpg 1200w, https:\/\/staging.avixi.be\/wp-content\/uploads\/2021\/03\/avaxi-7.jpg 1920w\" sizes=\"auto, (max-width: 640px) 100vw, 400px\" \/><\/span><\/div><div class=\"fusion-separator fusion-full-width-sep\" style=\"align-self: center;margin-left: auto;margin-right: auto;margin-top:2rem;width:100%;\"><div class=\"fusion-separator-border sep-single\" style=\"--awb-height:20px;--awb-amount:20px;border-color:#def0f4;border-top-width:0px;\"><\/div><\/div><div class=\"fusion-text fusion-text-2\"><h3>Introduire une demande?<\/h3>\n<\/div><div ><a class=\"fusion-button button-flat fusion-button-default-size button-default fusion-button-default button-1 fusion-button-default-span fusion-button-default-type\" target=\"_blank\" rel=\"noopener noreferrer\" href=\"https:\/\/staging.avixi.be\/fr\/corona\/formulaires\/\"><span class=\"fusion-button-text awb-button__text awb-button__text--default\">Formulaires<\/span><i class=\"fa-angle-right fas awb-button__icon awb-button__icon--default button-icon-right\" aria-hidden=\"true\"><\/i><\/a><\/div><div class=\"fusion-separator fusion-full-width-sep\" style=\"align-self: center;margin-left: auto;margin-right: auto;margin-top:2rem;width:100%;\"><div class=\"fusion-separator-border sep-single\" style=\"--awb-height:20px;--awb-amount:20px;border-color:#def0f4;border-top-width:0px;\"><\/div><\/div><div class=\"fusion-reading-box-container reading-box-container-1\" style=\"--awb-title-color:#002f47;--awb-margin-top:0px;--awb-margin-bottom:20px;\"><div class=\"reading-box\" style=\"background-color:#def2f2;border-width:0px;border-color:#f6f6f6;border-right-width:3px;border-right-color:var(--primary_color);border-style:solid;\"><a class=\"button fusion-button button-default fusion-button-default-size button-default-size button-flat fusion-desktop-button fusion-tagline-button continue fusion-desktop-button-margin continue-right\" style=\"-webkit-box-shadow:none;-moz-box-shadow:none;box-shadow:none;border-radius:50px 50px 50px 50px\" href=\"https:\/\/staging.avixi.be\/fr\/contact\/\" target=\"_blank\" rel=\"noopener noreferrer\"><span>Contact<\/span><\/a><h2>Des questions?<\/h2><div class=\"reading-box-additional fusion-reading-box-additional\">\n<p>Prenez contact avec votre gestionnaire de relation client:<\/p>\n<p>Mechelen: <strong>015 45 12 60<br \/><\/strong>Brugge: <strong>050 40 65 65<br \/><\/strong>Hasselt: <strong>011 22 27 46<\/strong><\/p>\n<p>ou envoyez un e-mail \u00e0 <a href=\"mailto:info@avixi.be\">info@avixi.be<\/a><\/p>\n<p>Clients de l&rsquo;ex-l\u2019Entraide:<\/p>\n<p>Bruxelles: <b>02<\/b> <b>743 05 10<\/b><\/p>\n<p>Ou envoyez votre message par e-mail \u00e0 clasti@avixi.be<\/p>\n<\/div><div class=\"fusion-clearfix\"><\/div><a class=\"button fusion-button button-default fusion-button-default-size button-default-size button-flat fusion-mobile-button continue-right\" style=\"-webkit-box-shadow:none;-moz-box-shadow:none;box-shadow:none;border-radius:50px 50px 50px 50px\" href=\"https:\/\/staging.avixi.be\/fr\/contact\/\" target=\"_blank\" rel=\"noopener noreferrer\"><span>Contact<\/span><\/a><\/div><\/div>\n<\/div><\/div>\n<\/div><\/div>\n","protected":false},"excerpt":{"rendered":"","protected":false},"author":1,"featured_media":0,"parent":3321,"menu_order":0,"comment_status":"closed","ping_status":"closed","template":"","meta":{"_acf_changed":false,"footnotes":""},"class_list":["post-3271","page","type-page","status-publish","hentry"],"acf":[],"_links":{"self":[{"href":"https:\/\/staging.avixi.be\/fr\/wp-json\/wp\/v2\/pages\/3271","targetHints":{"allow":["GET"]}}],"collection":[{"href":"https:\/\/staging.avixi.be\/fr\/wp-json\/wp\/v2\/pages"}],"about":[{"href":"https:\/\/staging.avixi.be\/fr\/wp-json\/wp\/v2\/types\/page"}],"author":[{"embeddable":true,"href":"https:\/\/staging.avixi.be\/fr\/wp-json\/wp\/v2\/users\/1"}],"replies":[{"embeddable":true,"href":"https:\/\/staging.avixi.be\/fr\/wp-json\/wp\/v2\/comments?post=3271"}],"version-history":[{"count":71,"href":"https:\/\/staging.avixi.be\/fr\/wp-json\/wp\/v2\/pages\/3271\/revisions"}],"predecessor-version":[{"id":8205,"href":"https:\/\/staging.avixi.be\/fr\/wp-json\/wp\/v2\/pages\/3271\/revisions\/8205"}],"up":[{"embeddable":true,"href":"https:\/\/staging.avixi.be\/fr\/wp-json\/wp\/v2\/pages\/3321"}],"wp:attachment":[{"href":"https:\/\/staging.avixi.be\/fr\/wp-json\/wp\/v2\/media?parent=3271"}],"curies":[{"name":"wp","href":"https:\/\/api.w.org\/{rel}","templated":true}]}}